{"id":31,"date":"2011-12-07T19:22:57","date_gmt":"2011-12-07T19:22:57","guid":{"rendered":"http:\/\/www.plancherpelvien.ch\/2011\/?page_id=31"},"modified":"2021-04-30T14:57:23","modified_gmt":"2021-04-30T14:57:23","slug":"accueil-2","status":"publish","type":"page","link":"https:\/\/www.plancherpelvien.ch\/2021\/","title":{"rendered":"Accueil"},"content":{"rendered":"<h2 align=\"left\"><strong> INTRODUCTION<\/strong><\/h2>\n<p>Les pertes d\u2019urines, de gaz ou de selles sont des probl\u00e8mes fr\u00e9quents, mais souvent cach\u00e9s par les personnes qui en souffrent. Ils entra\u00eenent une g\u00eane importante qui parfois aboutit \u00e0 un retrait de la vie sociale.<\/p>\n<h2 align=\"left\">Ces ph\u00e9nom\u00e8nes sont fr\u00e9quemment associ\u00e9s \u00e0 une constipation chronique ou \u00e0 une chute d\u2019organes chez les femmes. Pourtant, des solutions existent.<\/h2>\n<h2 align=\"left\">Le Centre du Plancher Pelvien \u00e0 Gen\u00e8ve associe un urologue, sp\u00e9cialiste de la vessie, et un proctologue, sp\u00e9cialiste de la r\u00e9gion recto-anale.<\/h2>\n<h2 align=\"left\">De leur collaboration na\u00eet une prise en charge globale et individualis\u00e9e.<\/h2>\n<h2 align=\"left\">Le Centre dispose d\u2019un appareillage moderne permettant des investigations et des traitements adapt\u00e9s \u00e0 chaque individu.<\/h2>\n<h2 align=\"left\"><\/h2>\n","protected":false},"excerpt":{"rendered":"<p>INTRODUCTION Les pertes d\u2019urines, de gaz ou de selles sont des probl\u00e8mes fr\u00e9quents, mais souvent cach\u00e9s par les personnes qui en souffrent. Ils entra\u00eenent une g\u00eane importante qui parfois aboutit \u00e0 un retrait de la vie sociale. Ces ph\u00e9nom\u00e8nes sont &hellip; <a href=\"https:\/\/www.plancherpelvien.ch\/2021\/\">Continuer la lecture <span class=\"meta-nav\">&rarr;<\/span><\/a><\/p>\n","protected":false},"author":1,"featured_media":0,"parent":0,"menu_order":0,"comment_status":"closed","ping_status":"closed","template":"","meta":[],"_links":{"self":[{"href":"https:\/\/www.plancherpelvien.ch\/2021\/index.php?rest_route=\/wp\/v2\/pages\/31"}],"collection":[{"href":"https:\/\/www.plancherpelvien.ch\/2021\/index.php?rest_route=\/wp\/v2\/pages"}],"about":[{"href":"https:\/\/www.plancherpelvien.ch\/2021\/index.php?rest_route=\/wp\/v2\/types\/page"}],"author":[{"embeddable":true,"href":"https:\/\/www.plancherpelvien.ch\/2021\/index.php?rest_route=\/wp\/v2\/users\/1"}],"replies":[{"embeddable":true,"href":"https:\/\/www.plancherpelvien.ch\/2021\/index.php?rest_route=%2Fwp%2Fv2%2Fcomments&post=31"}],"version-history":[{"count":5,"href":"https:\/\/www.plancherpelvien.ch\/2021\/index.php?rest_route=\/wp\/v2\/pages\/31\/revisions"}],"predecessor-version":[{"id":33,"href":"https:\/\/www.plancherpelvien.ch\/2021\/index.php?rest_route=\/wp\/v2\/pages\/31\/revisions\/33"}],"wp:attachment":[{"href":"https:\/\/www.plancherpelvien.ch\/2021\/index.php?rest_route=%2Fwp%2Fv2%2Fmedia&parent=31"}],"curies":[{"name":"wp","href":"https:\/\/api.w.org\/{rel}","templated":true}]}}