{"id":45,"date":"2011-12-07T19:29:40","date_gmt":"2011-12-07T19:29:40","guid":{"rendered":"http:\/\/www.plancherpelvien.ch\/2011\/?page_id=45"},"modified":"2021-04-30T14:58:27","modified_gmt":"2021-04-30T14:58:27","slug":"la-constipation-2","status":"publish","type":"page","link":"https:\/\/www.plancherpelvien.ch\/2021\/?page_id=45","title":{"rendered":"La constipation"},"content":{"rendered":"<h2 align=\"justify\"><strong>LA CONSTIPATION<\/strong><\/h2>\n<h2>La constipation est un sympt\u00f4me qui peut avoir diff\u00e9rentes significations selon les individus. Habituellement, les patients se plaignent la plupart du temps de sympt\u00f4mes associ\u00e9s: &nbsp;taille ou duret\u00e9 des selles, difficult\u00e9s \u00e0 l\u2019exon\u00e9ration avec parfois sensation d\u2019\u00e9vacuation incompl\u00e8te des selles ou<br \/>\nalors simplement fr\u00e9quence des selles plus petite que deux fois par semaine.<\/h2>\n<h2>Habituellement, on divise les causes de la constipation en 2 parties&nbsp;:<\/h2>\n<h2>constipation d\u2019origine colique, due en g\u00e9n\u00e9ral \u00e0 des probl\u00e8mes de motilit\u00e9 intestinale comme le syndrome de c\u00f4lon irritable, de transit ralenti ou encore \u00e0 des probl\u00e8mes li\u00e9s \u00e0 l\u2019exon\u00e9ration m\u00eame avec sensation d\u2019obstruction (rectoc\u00e8le, intussusception rectale, p\u00e9rin\u00e9e descendant, anisme, etc\u2026)<\/h2>\n<p>Les causes extra-coliques sont dues essentiellement \u00e0 des probl\u00e8mes de r\u00e9gime, \u00e0 savoir alimentation pauvre en fibres et mauvaises habitudes alimentaires.<\/p>\n<h2>Toute constipation m\u00e9rite donc qu\u2019on s\u2019y int\u00e9resse, les pathologies \u00e9tant souvent intriqu\u00e9es.<\/h2>\n<h2>Dans un premier temps, l\u2019interrogatoire et l\u2019examen physique sont n\u00e9cessaires puis un bilan compl\u00e9mentaire doit \u00eatre effectu\u00e9 selon les sympt\u00f4mes (coloscopie, d\u00e9f\u00e9cographie, temps de transit, manom\u00e9trie anorectale, etc\u2026)<\/h2>\n<p>Certaines pathologies n\u00e9cessitent des interventions chirurgicales, curatives, et d\u2019autres une r\u00e9\u00e9ducation par physioth\u00e9rapie de type Biofeedback, associ\u00e9e \u00e0 une correction du r\u00e9gime alimentaire, et \u00e9ventuellement \u00e0 la prise de laxatifs.<\/p>\n<h2>Bien que la constipation ait souvent \u00e9t\u00e9 consid\u00e9r\u00e9e comme un sympt\u00f4me commun, il peut en r\u00e9sulter des sympt\u00f4mes non n\u00e9gligeables et un inconfort qui interf\u00e8re avec une vie sociale normale et le sentiment de bien-\u00eatre.<\/h2>\n","protected":false},"excerpt":{"rendered":"<p>LA CONSTIPATION La constipation est un sympt\u00f4me qui peut avoir diff\u00e9rentes significations selon les individus. Habituellement, les patients se plaignent la plupart du temps de sympt\u00f4mes associ\u00e9s: &nbsp;taille ou duret\u00e9 des selles, difficult\u00e9s \u00e0 l\u2019exon\u00e9ration avec parfois sensation d\u2019\u00e9vacuation incompl\u00e8te &hellip; <a href=\"https:\/\/www.plancherpelvien.ch\/2021\/?page_id=45\">Continuer la lecture <span class=\"meta-nav\">&rarr;<\/span><\/a><\/p>\n","protected":false},"author":1,"featured_media":0,"parent":0,"menu_order":0,"comment_status":"closed","ping_status":"closed","template":"","meta":[],"_links":{"self":[{"href":"https:\/\/www.plancherpelvien.ch\/2021\/index.php?rest_route=\/wp\/v2\/pages\/45"}],"collection":[{"href":"https:\/\/www.plancherpelvien.ch\/2021\/index.php?rest_route=\/wp\/v2\/pages"}],"about":[{"href":"https:\/\/www.plancherpelvien.ch\/2021\/index.php?rest_route=\/wp\/v2\/types\/page"}],"author":[{"embeddable":true,"href":"https:\/\/www.plancherpelvien.ch\/2021\/index.php?rest_route=\/wp\/v2\/users\/1"}],"replies":[{"embeddable":true,"href":"https:\/\/www.plancherpelvien.ch\/2021\/index.php?rest_route=%2Fwp%2Fv2%2Fcomments&post=45"}],"version-history":[{"count":5,"href":"https:\/\/www.plancherpelvien.ch\/2021\/index.php?rest_route=\/wp\/v2\/pages\/45\/revisions"}],"predecessor-version":[{"id":145,"href":"https:\/\/www.plancherpelvien.ch\/2021\/index.php?rest_route=\/wp\/v2\/pages\/45\/revisions\/145"}],"wp:attachment":[{"href":"https:\/\/www.plancherpelvien.ch\/2021\/index.php?rest_route=%2Fwp%2Fv2%2Fmedia&parent=45"}],"curies":[{"name":"wp","href":"https:\/\/api.w.org\/{rel}","templated":true}]}}